{"id":1280,"date":"2018-06-21T16:03:10","date_gmt":"2018-06-21T14:03:10","guid":{"rendered":"http:\/\/las-akustika.lt\/?page_id=1280"},"modified":"2018-06-26T09:18:10","modified_gmt":"2018-06-26T07:18:10","slug":"euronoise-2018-kreta","status":"publish","type":"page","link":"https:\/\/las-akustika.lt\/index.php\/euronoise-2018-kreta\/","title":{"rendered":"Euronoise 2018. Kreta"},"content":{"rendered":"<h2><strong>Europoje reik\u0161mingiausios akustikos konferencijos atgarsiai<br \/>\n<\/strong><\/h2>\n<p>&nbsp;<\/p>\n<p>Kas trejus metus vykstantis pagrindinis Europos akustik\u0173 mokslo ir technikos pasiekim\u0173 renginys \u2013 Euronoise\u00a02018 \u2013 vyko 2018 met\u0173 gegu\u017e\u0117s 27\u201131 dienomis Kretoje (Graikija). Tai buvo jau 11\u2011asis triuk\u0161mo valdymo in\u017einerijos kongresas \u0161iemet surengtas Europos akustik\u0173 asociacijai (EAA) bendradarbiaujant su Graikijos akustikos institutu (HELINA).<\/p>\n<div id=\"attachment_1294\" style=\"width: 520px\" class=\"wp-caption aligncenter\"><img loading=\"lazy\" decoding=\"async\" aria-describedby=\"caption-attachment-1294\" class=\"wp-image-1294 size-full\" src=\"https:\/\/las-akustika.lt\/wp-content\/uploads\/2018\/06\/euronoise2018_img1.jpg\" alt=\"\" width=\"510\" height=\"383\" srcset=\"https:\/\/las-akustika.lt\/wp-content\/uploads\/2018\/06\/euronoise2018_img1.jpg 510w, https:\/\/las-akustika.lt\/wp-content\/uploads\/2018\/06\/euronoise2018_img1-300x225.jpg 300w\" sizes=\"auto, (max-width: 510px) 100vw, 510px\" \/><p id=\"caption-attachment-1294\" class=\"wp-caption-text\">Preliminarinis pos\u0117dis<\/p><\/div>\n<p>Naujausius m\u016bs\u0173 \u0161alyje atliekam\u0173 akustikos tyrim\u0173 rezultatus konferencijos dalyviams i\u0161 viso pasaulio pristat\u0117 du Lietuvos akustik\u0173 s\u0105jungos (LAS) nariai \u2013 dr.\u00a0Marius Mickaitis ir dokt.\u00a0Tadas Andriejauskas, atstovav\u0119 Vilniaus Gedimino technikos universitet\u0105 (VGTU).<\/p>\n<p>Susirinkusiems renginio dalyviams dr. M.\u00a0Mickaitis pristat\u0117 kartu su bendraautoriais parengt\u0105 kviestin\u012f prane\u0161im\u0105 <strong><em>\u201ePractical experience in verification acoustic class for building in octave versus one-third octave frequency bands\u201c<\/em><\/strong>. Specializuotai sekcijai \u201eAcoustic Regulations\/ Enforcement and Classification for new\/existing and retrofitted buildings\u201c skirtas prane\u0161imas parengtas remiantis m\u016bs\u0173 \u0161alyje sukurtos ir nuo 2004 met\u0173 galiojan\u010dios pastat\u0173 apsaugos nuo triuk\u0161mo klasifikavimo sistemos praktinio taikymo patirtimi.<br \/>\nPrane\u0161imo med\u017eiag\u0105 rasite \u010dia: <u><a href=\"http:\/\/www.euronoise2018.eu\/docs\/papers\/194_Euronoise2018.pdf\" target=\"_blank\" rel=\"noopener\">Euronoise 2018018.pdf<\/a><\/u><\/p>\n<div id=\"attachment_1298\" style=\"width: 520px\" class=\"wp-caption aligncenter\"><img loading=\"lazy\" decoding=\"async\" aria-describedby=\"caption-attachment-1298\" class=\"wp-image-1298 size-full\" src=\"https:\/\/las-akustika.lt\/wp-content\/uploads\/2018\/06\/euronoise2018_MMickaitis_TAndriejauskas-510.jpg\" alt=\"\" width=\"510\" height=\"416\" srcset=\"https:\/\/las-akustika.lt\/wp-content\/uploads\/2018\/06\/euronoise2018_MMickaitis_TAndriejauskas-510.jpg 510w, https:\/\/las-akustika.lt\/wp-content\/uploads\/2018\/06\/euronoise2018_MMickaitis_TAndriejauskas-510-300x245.jpg 300w\" sizes=\"auto, (max-width: 510px) 100vw, 510px\" \/><p id=\"caption-attachment-1298\" class=\"wp-caption-text\">Vilniaus Gedimino technikos universiteto mokslininkai dr. Marius Mickaitis ir dokt. Tadas Andriejauskas<\/p><\/div>\n<p><!--more--><\/p>\n<p>Kitoje konferencijos sekcijoje \u201eTyre\/road noise\u201c dokt. T.\u00a0Andriejauskas klausytojus supa\u017eindino drauge su bendraautoriais atliktais moksliniais tyrimais. Prane\u0161ime \u201e<strong><em>Tyre\/road noise spectrum analysis of ageing low noise pavements<\/em><em>\u201c<\/em><\/strong> buvo pateikti ma\u017eatriuk\u0161mio asfaltbetonio mi\u0161ini\u0173 sen\u0117jimo ilgalaiki\u0173 tyrim\u0173 rezultatai, pateiktos rekomendacijos produkto gamybos pl\u0117tojimui ir praktiniam taikymui.<br \/>\nPrane\u0161imo med\u017eiag\u0105: <u><a href=\"http:\/\/www.euronoise2018.eu\/docs\/papers\/451_Euronoise2018.pdf\" target=\"_blank\" rel=\"noopener\">Euronoise2018.pdf<\/a><\/u><\/p>\n<p>Abu VGTU mokslinink\u0173 prane\u0161imai sulauk\u0117 didelio klausytoj\u0173 susidom\u0117jimo, pristatyta tematika paremtos diskusijos vyko su \u012fvairi\u0173 \u0161ali\u0173 universitet\u0173 mokslininkais, buvo u\u017emegzta daug nauj\u0173 tarptautini\u0173 kontakt\u0173.<\/p>\n<p>I\u0161leistoje konferencijos prane\u0161im\u0173 med\u017eiagoje galima rasti 555 santraukas ir 410 pilnateks\u010di\u0173 straipsni\u0173. Konferencijos darbo diena b\u016bdavo pradedama plenariniu prane\u0161imu, v\u0117liau darbas persikeldavo \u012f specializuotas sekcijas. \u0160i\u0173 sekcij\u0173 i\u0161 viso buvo net 55, kurios bendrai ap\u0117m\u0117 labai plat\u0173 akustikos ir triuk\u0161mo mokslini\u0173 sri\u010di\u0173 spektr\u0105.<\/p>\n<p>Euronoise\u00a02018 metu vyko \u012fvair\u016bs triuk\u0161mo valdymui skirti renginiai. Viename i\u0161 j\u0173 \u2013 i\u0161pl\u0117stin\u0117je Europos akustikos parodoje dalyvavo 22 \u012fmon\u0117s \u2013 gamintojai, in\u017einieri\u0173 paslaug\u0173 teik\u0117jai, mokslini\u0173 tyrim\u0173 ir administravimo padaliniai, technin\u0117s ir mokslin\u0117s organizacijos bei leid\u0117jai, kurie pristat\u0117 naujausi\u0105 tyrim\u0173 ir programin\u0119 \u012frang\u0105, akustines med\u017eiagas, standartus ir kitus leidinius, taip pat mokslini\u0173 tyrim\u0173 ir taikomosios veiklos rezultatus.<\/p>\n<p>Renginio metu \u012fvykusi EAA Generalin\u0117 asambl\u0117ja patvirtino, kad artimiausias, 12-asis triuk\u0161mo valdymo in\u017einerijos kongresas, Euronoise\u00a02021 po trej\u0173 met\u0173 \u012fvyks Madeiroje (Portugalija).<\/p>\n<p>Daugiau informacijos apie \u012fvykus\u012f rengin\u012f rasite \u010dia: <u><a href=\"http:\/\/www.euronoise2018.eu\/\">www.euronoise2018.eu<\/a><\/u><\/p>\n<p>&nbsp;<\/p>\n","protected":false},"excerpt":{"rendered":"<p>Europoje reik\u0161mingiausios akustikos konferencijos atgarsiai &nbsp; Kas trejus metus vykstantis pagrindinis Europos akustik\u0173 mokslo ir technikos pasiekim\u0173 renginys \u2013 Euronoise\u00a02018 \u2013 vyko 2018 met\u0173 gegu\u017e\u0117s 27\u201131 dienomis Kretoje (Graikija). Tai buvo jau 11\u2011asis triuk\u0161mo valdymo in\u017einerijos kongresas \u0161iemet surengtas Europos&#8230;<br \/><a class=\"read-more-button\" href=\"https:\/\/las-akustika.lt\/index.php\/euronoise-2018-kreta\/\">Skaityti  daugiau<\/a><\/p>\n","protected":false},"author":1,"featured_media":0,"parent":0,"menu_order":0,"comment_status":"closed","ping_status":"closed","template":"template-without-title.php","meta":{"footnotes":""},"class_list":["post-1280","page","type-page","status-publish","hentry"],"_links":{"self":[{"href":"https:\/\/las-akustika.lt\/index.php\/wp-json\/wp\/v2\/pages\/1280","targetHints":{"allow":["GET"]}}],"collection":[{"href":"https:\/\/las-akustika.lt\/index.php\/wp-json\/wp\/v2\/pages"}],"about":[{"href":"https:\/\/las-akustika.lt\/index.php\/wp-json\/wp\/v2\/types\/page"}],"author":[{"embeddable":true,"href":"https:\/\/las-akustika.lt\/index.php\/wp-json\/wp\/v2\/users\/1"}],"replies":[{"embeddable":true,"href":"https:\/\/las-akustika.lt\/index.php\/wp-json\/wp\/v2\/comments?post=1280"}],"version-history":[{"count":16,"href":"https:\/\/las-akustika.lt\/index.php\/wp-json\/wp\/v2\/pages\/1280\/revisions"}],"predecessor-version":[{"id":1305,"href":"https:\/\/las-akustika.lt\/index.php\/wp-json\/wp\/v2\/pages\/1280\/revisions\/1305"}],"wp:attachment":[{"href":"https:\/\/las-akustika.lt\/index.php\/wp-json\/wp\/v2\/media?parent=1280"}],"curies":[{"name":"wp","href":"https:\/\/api.w.org\/{rel}","templated":true}]}}