{"id":533,"date":"2017-02-13T17:15:46","date_gmt":"2017-02-13T15:15:46","guid":{"rendered":"http:\/\/las-akustika.lt\/?page_id=533"},"modified":"2019-05-06T11:04:17","modified_gmt":"2019-05-06T09:04:17","slug":"inad-2017","status":"publish","type":"page","link":"https:\/\/las-akustika.lt\/index.php\/inad-2019\/inad-2017\/","title":{"rendered":"INAD 2017"},"content":{"rendered":"<h5>APIE INAD 2017<\/h5>\n<div id=\"attachment_649\" style=\"width: 210px\" class=\"wp-caption alignright\"><img loading=\"lazy\" decoding=\"async\" aria-describedby=\"caption-attachment-649\" class=\"wp-image-649\" src=\"https:\/\/las-akustika.lt\/wp-content\/uploads\/2017\/03\/logo_INAD2017-color-283x300.png\" alt=\"INAD 2017\" width=\"200\" height=\"212\"><p id=\"caption-attachment-649\" class=\"wp-caption-text\">Tarptautin\u0117 triuk\u0161mo supratimo diena<\/p><\/div>\n<p>\u0160i\u0173 met\u0173 <strong>baland\u017eio 26<\/strong> dien\u0105 bus minima <strong><span style=\"color: #333399;\">22-oji Tarptautin\u0117 triuk\u0161mo supratimo diena<\/span><\/strong> (<em>INAD 2017 \u2013 International Noise Awareness Day 2017)<\/em>. \u0160i\u0105 dien\u0105 siekiama atkreipti gyventoj\u0173 d\u0117mes\u012f \u012f neigiam\u0105 ilgai trunkan\u010dio triuk\u0161mo poveik\u012f ir informuoti juos, kad tai n\u0117ra vien tik trikdymas. Europos akustik\u0173 asociacija (EAA) nuo 2014 met\u0173 \u0117m\u0117 europiniu mastu koordinuoti triuk\u0161mo supratimo dienos min\u0117jimo kampanij\u0105. EAA atstovas Lietuvoje \u2013 Lietuvos akustik\u0173 s\u0105junga (LAS).<br \/>\n\u0160iame tinklapyje rasite aktuali\u0105 informacij\u0105 apie triuk\u0161mo supratimo dienos pamin\u0117jim\u0105 Lietuvoje ir Europoje.<\/p>\n<p>Informacija apie triuk\u0161mo supratimo dienos pamin\u0117jim\u0105 Europos \u0161alyse yra skelbiama EAA tinklapyje: <a href=\"https:\/\/euracoustics.org\/INAD2017\" target=\"_blank\" rel=\"noopener noreferrer\">euracoustics.org\/INAD2017 <\/a><\/p>\n<hr>\n<p><span style=\"color: #000080;\">Maloniai kvie\u010diame dalyvauti <em><strong>22-osios Tarptautin\u0117s triuk\u0161mo supratimo dienos<\/strong> <\/em>min\u0117jimo renginyje, kuris \u012fvyks <strong>2017 m. baland\u017eio 26 d. (tre\u010diadien\u012f)<\/strong> Vilniaus Gedimino technikos universitete (VGTU). \u0160i\u0105 dien\u0105 siekiama atkreipti gyventoj\u0173 d\u0117mes\u012f \u012f neigiam\u0105 ilgai trunkan\u010dio triuk\u0161mo poveik\u012f ir informuoti juos, kad tai n\u0117ra vien tik trikdymas.<\/span><br \/>\nRenginio prad\u017eia: 10.00 val. Dalyvi\u0173 registracija nuo 9.30 val.<br \/>\nVieta: Pylimo g. 26\/1, VGTU Architekt\u016bros fakultetas, Vaizdo konferencij\u0173 sal\u0117 (4 auk\u0161tas).<br \/>\nRegistracija. Dalyvavimas renginyje nemokamas, viet\u0173 skai\u010dius ribotas. Ketinan\u010di\u0173 dalyvauti maloniai pra\u0161ome registruotis el. pa\u0161tu: <a href=\"mailto:triuksmas2017@gmail.com\">triuksmas2017@gmail.com<\/a>.<\/p>\n<p><a href=\"https:\/\/las-akustika.lt\/wp-content\/uploads\/2017\/04\/Renginio-programa.pdf\" target=\"_blank\" rel=\"noopener noreferrer\">Renginio programa<\/a><\/p>\n<p>Organizacinio komiteto vardu,<br \/>\ndr. Marius Mickaitis<br \/>\nLietuvos akustik\u0173 s\u0105jungos (LAS) prezidentas<\/p>\n<p>&nbsp;<\/p>\n<hr>\n<p>&nbsp;<\/p>\n<h5 style=\"text-align: center;\"><span style=\"color: #333399;\"><strong>KONKURSAS PRADIN\u0116MS IR VIDURIN\u0116MS MOKYKLOMS<br \/>\n\u201eSOUNDS OF MY PLACE\u201c<\/strong><\/span><\/h5>\n<h5><strong><a href=\"https:\/\/las-akustika.lt\/index.php\/event\/konkursas-pradinems-ir-vidurinems-mokykloms\/\"><img loading=\"lazy\" decoding=\"async\" class=\"aligncenter wp-image-543\" src=\"https:\/\/las-akustika.lt\/wp-content\/uploads\/2017\/02\/Noisella-2-e1486999736740-150x106.jpg\" alt=\"Konkursas\" width=\"205\" height=\"145\"><\/a><\/strong><\/h5>\n<p>Lietuvos akustik\u0173 s\u0105junga (LAS) kartu su Europos akustik\u0173 asociacija (EAA) informuoja apie tarptautin\u012f konkurs\u0105 <em>\u201eSounds of my place\u201c<\/em>. Jis skirtas art\u0117jan\u010diai Tarptautinei triuk\u0161mo supratimo dienai, kuri \u0161iais metais bus minima baland\u017eio 26 dien\u0105.<\/p>\n<p>Konkurso tikslas yra didinti garso suvokim\u0105 ir fiksuoti mus supant\u012f triuk\u0161m\u0105, tokiu b\u016bdu sudarant visos Europos gars\u0173 \u017eem\u0117lap\u012f. \u0160ie garsai gali b\u016bti kasdieniai garsai, veikiantys kaip foninis triuk\u0161mas arba saviti, specifiniai garsai tam tikrose vietose, kurie turi b\u016bti i\u0161saugoti.<\/p>\n<p>Konkursas skirtas mokiniams su\u017einoti ir i\u0161girsti platesn\u012f kasdien\u0117s aplinkos maloni\u0173 gars\u0173 spektr\u0105. Taip pat susipa\u017einti su trikdan\u010diu ar kitu neigiamu triuk\u0161mo sukeltu poveikiu. Konkurse gali dalyvauti tik pradini\u0173 ir vidurini\u0173 mokykl\u0173 mokiniai.<\/p>\n<p>Atsisi\u0173sti konkurso taisykles (<em>angl\u0173 kalba<\/em>) galite \u010dia: <strong><a href=\"https:\/\/euracoustics.org\/INAD2017\/INAD2017_Competition.pdf\" target=\"_blank\" rel=\"noopener noreferrer\">SOUNDS OF MY PLACE<\/a><\/strong>.<\/p>\n<p><em>Registracijos pabaiga:&nbsp;<\/em><span style=\"color: #008000;\"> <strong>2017 m. baland\u017eio 15 d.<\/strong><\/span><\/p>\n<p>M\u016bs\u0173 draugai pasidalino \u0161iuo&nbsp; <a href=\"https:\/\/www.facebook.com\/inad.italia\/videos\/735991083245035\/\" target=\"_blank\" rel=\"noopener noreferrer\">filmuku <\/a><\/p>\n<hr>\n<p>&nbsp;<\/p>\n<blockquote class=\"wp-embedded-content\" data-secret=\"XSuAKwUHxm\"><p><a href=\"https:\/\/las-akustika.lt\/index.php\/2017\/05\/09\/vgtu-architekturos-fakultetas-sukviete-inad-2017-dalyvius\/\">VGTU Architekt\u016bros fakultetas sukviet\u0117 INAD 2017 dalyvius<\/a><\/p><\/blockquote>\n<p><iframe loading=\"lazy\" class=\"wp-embedded-content\" sandbox=\"allow-scripts\" security=\"restricted\" style=\"position: absolute; clip: rect(1px, 1px, 1px, 1px);\" src=\"https:\/\/las-akustika.lt\/index.php\/2017\/05\/09\/vgtu-architekturos-fakultetas-sukviete-inad-2017-dalyvius\/embed\/#?secret=XSuAKwUHxm\" data-secret=\"XSuAKwUHxm\" width=\"600\" height=\"338\" title=\"&#8220;VGTU Architekt\u016bros fakultetas sukviet\u0117 INAD 2017 dalyvius&#8221; &#8212; LAS\" frameborder=\"0\" marginwidth=\"0\" marginheight=\"0\" scrolling=\"no\"><\/iframe><\/p>\n","protected":false},"excerpt":{"rendered":"<p>APIE INAD 2017 \u0160i\u0173 met\u0173 baland\u017eio 26 dien\u0105 bus minima 22-oji Tarptautin\u0117 triuk\u0161mo supratimo diena (INAD 2017 \u2013 International Noise Awareness Day 2017). \u0160i\u0105 dien\u0105 siekiama atkreipti gyventoj\u0173 d\u0117mes\u012f \u012f neigiam\u0105 ilgai trunkan\u010dio triuk\u0161mo poveik\u012f ir informuoti juos, kad tai&#8230;<br \/><a class=\"read-more-button\" href=\"https:\/\/las-akustika.lt\/index.php\/inad-2019\/inad-2017\/\">Skaityti  daugiau<\/a><\/p>\n","protected":false},"author":1,"featured_media":0,"parent":1621,"menu_order":0,"comment_status":"closed","ping_status":"closed","template":"","meta":{"footnotes":""},"class_list":["post-533","page","type-page","status-publish","hentry"],"_links":{"self":[{"href":"https:\/\/las-akustika.lt\/index.php\/wp-json\/wp\/v2\/pages\/533","targetHints":{"allow":["GET"]}}],"collection":[{"href":"https:\/\/las-akustika.lt\/index.php\/wp-json\/wp\/v2\/pages"}],"about":[{"href":"https:\/\/las-akustika.lt\/index.php\/wp-json\/wp\/v2\/types\/page"}],"author":[{"embeddable":true,"href":"https:\/\/las-akustika.lt\/index.php\/wp-json\/wp\/v2\/users\/1"}],"replies":[{"embeddable":true,"href":"https:\/\/las-akustika.lt\/index.php\/wp-json\/wp\/v2\/comments?post=533"}],"version-history":[{"count":43,"href":"https:\/\/las-akustika.lt\/index.php\/wp-json\/wp\/v2\/pages\/533\/revisions"}],"predecessor-version":[{"id":1705,"href":"https:\/\/las-akustika.lt\/index.php\/wp-json\/wp\/v2\/pages\/533\/revisions\/1705"}],"up":[{"embeddable":true,"href":"https:\/\/las-akustika.lt\/index.php\/wp-json\/wp\/v2\/pages\/1621"}],"wp:attachment":[{"href":"https:\/\/las-akustika.lt\/index.php\/wp-json\/wp\/v2\/media?parent=533"}],"curies":[{"name":"wp","href":"https:\/\/api.w.org\/{rel}","templated":true}]}}