{"id":78,"date":"2016-08-23T11:07:35","date_gmt":"2016-08-23T11:07:35","guid":{"rendered":"http:\/\/las-akustika.lt\/?page_id=78"},"modified":"2016-09-05T09:10:27","modified_gmt":"2016-09-05T09:10:27","slug":"istorija-sajunga-konferencija-kongresas","status":"publish","type":"page","link":"https:\/\/las-akustika.lt\/index.php\/las-akustiku-sajunga\/istorija-sajunga-konferencija-kongresas\/","title":{"rendered":"Istorija"},"content":{"rendered":"<p style=\"text-align: justify;\">Lietuvai atgavus nepriklausomyb\u0119, 1990\u00a0met\u0173 bir\u017eelio 8\u00a0dien\u0105 buvo \u012fkurta Lietuvos akustik\u0173 draugija. Draugijos prezidentu i\u0161rinktas profesorius habilituotas daktaras Danielius Gu\u017eas.<\/p>\n<p style=\"text-align: justify;\">1993\u00a0metais organizacija tapo Tarptautinio in\u017einerinio kovos su triuk\u0161mu instituto (I-INCE \u2013 The International Institute of Noise Control Engineering) nariu. Lietuvos akustik\u0173 draugija 1997\u00a0metais buvo perregistruota \u012f Lietuvos akustik\u0173 s\u0105jung\u0105 (LAS). Lietuvos akustikams s\u0117kmingai vadovavim\u0105 prat\u0119s\u0117 prezidentas prof. habil. dr.\u00a0Danielius Gu\u017eas.<\/p>\n<p style=\"text-align: justify;\">1997\u00a0metais LAS tapo asocijuotu Europos akustik\u0173 s\u0105jungos (EAA \u2013 The European Acoustics Association) nariu. Tais pa\u010diais metais LAS buvo priimta \u012f Tarptautin\u0119 akustik\u0173 komisij\u0105 (ICA \u2013 The International Congress on Acoustics). 2000\u00a0metais \u0161ven\u010diant Lietuvos akustik\u0173 draugijos \u012fk\u016brimo de\u0161imtmet\u012f, Vilniuje buvo suorganizuota tarptautin\u0117 konferencija \u201eBaltic \u2013 Acoustic 2000\u201c. Nuo 2002\u00a0met\u0173 LAS prisijung\u0117 prie skandinav\u0173 akustik\u0173 konferencijos Baltic Nordic Acoustic Meeting (BNAM).<\/p>\n<p style=\"text-align: justify;\">2009\u00a0metais Vilniuje suorganizuota antra jubiliejin\u0117 tarptautin\u0117 konferencija \u201eBaltic \u2013 Acoustic\u00a02009\u201c. Profesoriaus habilituoto daktaro Daumanto \u010ciplio iniciatyva 2012\u00a0metais Vilniuje surengtas devynioliktasis tarptautinis garso ir vibracij\u0173 kongresas (ICSV19 \u2013 The 19th international congress on sound and vibration). 2014\u00a0metais dr.\u00a0Aleksandras Jagniatinskis inicijavo tarptautin\u0119 konferencij\u0105 \u201eAkustin\u0117s pastat\u0173 ir j\u0173 aplinkos savyb\u0117s\u201c (\u201eAcoustic Climate Inside And Outside Of Buildings\u201c), kuri \u012fvyko Vilniuje ir buvo skirta apsaugos nuo triuk\u0161mo bei jo poveikio gyvenamajai aplinkai ma\u017einimo aktualijoms aptarti.<\/p>\n<p style=\"text-align: justify;\">2016\u00a0metais LAS prezidentu i\u0161rinktas VGTU docentas dr. Marius Mickaitis.<\/p>\n","protected":false},"excerpt":{"rendered":"<p>Lietuvai atgavus nepriklausomyb\u0119, 1990\u00a0met\u0173 bir\u017eelio 8\u00a0dien\u0105 buvo \u012fkurta Lietuvos akustik\u0173 draugija. Draugijos prezidentu i\u0161rinktas profesorius habilituotas daktaras Danielius Gu\u017eas. 1993\u00a0metais organizacija tapo Tarptautinio in\u017einerinio kovos su triuk\u0161mu instituto (I-INCE \u2013 The International Institute of Noise Control Engineering) nariu. Lietuvos akustik\u0173&#8230;<br \/><a class=\"read-more-button\" href=\"https:\/\/las-akustika.lt\/index.php\/las-akustiku-sajunga\/istorija-sajunga-konferencija-kongresas\/\">Skaityti  daugiau<\/a><\/p>\n","protected":false},"author":1,"featured_media":0,"parent":68,"menu_order":0,"comment_status":"closed","ping_status":"closed","template":"","meta":{"footnotes":""},"class_list":["post-78","page","type-page","status-publish","hentry"],"_links":{"self":[{"href":"https:\/\/las-akustika.lt\/index.php\/wp-json\/wp\/v2\/pages\/78","targetHints":{"allow":["GET"]}}],"collection":[{"href":"https:\/\/las-akustika.lt\/index.php\/wp-json\/wp\/v2\/pages"}],"about":[{"href":"https:\/\/las-akustika.lt\/index.php\/wp-json\/wp\/v2\/types\/page"}],"author":[{"embeddable":true,"href":"https:\/\/las-akustika.lt\/index.php\/wp-json\/wp\/v2\/users\/1"}],"replies":[{"embeddable":true,"href":"https:\/\/las-akustika.lt\/index.php\/wp-json\/wp\/v2\/comments?post=78"}],"version-history":[{"count":6,"href":"https:\/\/las-akustika.lt\/index.php\/wp-json\/wp\/v2\/pages\/78\/revisions"}],"predecessor-version":[{"id":294,"href":"https:\/\/las-akustika.lt\/index.php\/wp-json\/wp\/v2\/pages\/78\/revisions\/294"}],"up":[{"embeddable":true,"href":"https:\/\/las-akustika.lt\/index.php\/wp-json\/wp\/v2\/pages\/68"}],"wp:attachment":[{"href":"https:\/\/las-akustika.lt\/index.php\/wp-json\/wp\/v2\/media?parent=78"}],"curies":[{"name":"wp","href":"https:\/\/api.w.org\/{rel}","templated":true}]}}